{"id":114,"date":"2018-02-28T12:17:38","date_gmt":"2018-02-28T11:17:38","guid":{"rendered":"http:\/\/localhost\/lasbardenas\/web\/es\/?page_id=114"},"modified":"2026-05-17T18:00:50","modified_gmt":"2026-05-17T16:00:50","slug":"cueva-la-perdiz","status":"publish","type":"page","link":"https:\/\/www.lasbardenas.com\/fr\/alojamiento-bardenas\/cueva-la-perdiz\/","title":{"rendered":"Maison troglodyte La Perdiz"},"content":{"rendered":"<h4><em>la Maison troglodyte Perdiz<\/em><\/h4>\n<h3 data-start=\"1785\" data-end=\"1860\"><strong data-start=\"1789\" data-end=\"1858\">Casa Cueva Perdiz : Confort et accessibilit\u00e9 dans un cadre unique<\/strong><\/h3>\n<p data-start=\"1862\" data-end=\"2184\">La <strong data-start=\"1865\" data-end=\"1886\">Casa Cueva Perdiz<\/strong>, situ\u00e9e au rez-de-chauss\u00e9e et sur un seul niveau, se distingue par sa <strong data-start=\"1957\" data-end=\"1990\">fonctionnalit\u00e9 et son confort<\/strong>, en \u00e9tant id\u00e9ale pour <strong data-start=\"2013\" data-end=\"2065\">les personnes \u00e2g\u00e9es et les familles avec enfants<\/strong>. Son <strong data-start=\"2071\" data-end=\"2108\">acc\u00e8s par une rampe sans d\u00e9nivel\u00e9<\/strong> garantit une entr\u00e9e facile et un s\u00e9jour pratique pour tous les visiteurs.<\/p>\n<h3 data-start=\"2186\" data-end=\"2222\"><strong data-start=\"2190\" data-end=\"2220\">Disposition et \u00e9quipements<\/strong><\/h3>\n<p data-start=\"2223\" data-end=\"2562\">\u2714 <strong data-start=\"2225\" data-end=\"2242\">Deux chambres<\/strong> : une avec un lit double et l&rsquo;autre avec trois lits simples<br data-start=\"2302\" data-end=\"2305\" \/>\u2714 <strong data-start=\"2307\" data-end=\"2337\">Grand salon-salle \u00e0 manger<\/strong>, parfait pour partager des moments conviviaux<br data-start=\"2383\" data-end=\"2386\" \/>\u2714 <strong data-start=\"2388\" data-end=\"2419\">Cuisine enti\u00e8rement \u00e9quip\u00e9e<\/strong>, avec tout le n\u00e9cessaire<br data-start=\"2444\" data-end=\"2447\" \/>\u2714 <strong data-start=\"2449\" data-end=\"2479\">Jardin priv\u00e9 avec barbecue<\/strong>, id\u00e9al pour profiter du plein air<br data-start=\"2513\" data-end=\"2516\" \/>\u2714 <strong data-start=\"2518\" data-end=\"2560\">Salle de bain moderne et fonctionnelle<\/strong><\/p>\n<p data-start=\"2564\" data-end=\"2673\">\ud83d\udcfd <strong data-start=\"2567\" data-end=\"2612\">D\u00e9couvrez la Casa Cueva Perdiz en vid\u00e9o :<\/strong><br data-start=\"2612\" data-end=\"2615\" \/>\ud83c\udfa5 <a href=\"https:\/\/youtu.be\/jjSKgYVHLYU\" target=\"_new\" rel=\"noopener\" data-start=\"2618\" data-end=\"2671\">Regarder la vid\u00e9o ici<\/a><\/p>\n","protected":false},"excerpt":{"rendered":"<p>la Maison troglodyte Perdiz Casa Cueva Perdiz : Confort et accessibilit\u00e9 dans un cadre unique La Casa Cueva Perdiz, situ\u00e9e au rez-de-chauss\u00e9e et sur un seul niveau, se distingue par sa fonctionnalit\u00e9 et son confort, en \u00e9tant id\u00e9ale pour les personnes \u00e2g\u00e9es et les familles avec enfants. Son acc\u00e8s par une rampe sans d\u00e9nivel\u00e9 garantit [&hellip;]<\/p>\n","protected":false},"author":1,"featured_media":1247,"parent":74,"menu_order":0,"comment_status":"closed","ping_status":"closed","template":"page-templates\/template-cuevas.php","meta":{"_acf_changed":false,"footnotes":""},"class_list":["post-114","page","type-page","status-publish","has-post-thumbnail","hentry"],"acf":[],"yoast_head":"<!-- This site is optimized with the Yoast SEO plugin v28.2 - https:\/\/yoast.com\/product\/yoast-seo-wordpress\/ -->\n<title>Cueva Rural La Perd\u00edz, Accesible . Alojamiento en Bardenas reales<\/title>\n<meta name=\"description\" content=\"La Perd\u00edz es nuestra cueva mas accesible, un alojamiento \u00fanico excavado en la roca desde el que podr\u00e1s visitar el desierto de Bardenas\" \/>\n<meta name=\"robots\" content=\"index, follow, max-snippet:-1, max-image-preview:large, max-video-preview:-1\" \/>\n<link rel=\"canonical\" href=\"https:\/\/www.lasbardenas.com\/fr\/wp-json\/wp\/v2\/pages\/114\" \/>\n<meta property=\"og:locale\" content=\"fr_FR\" \/>\n<meta property=\"og:locale:alternate\" content=\"es_ES\" \/>\n<meta property=\"og:locale:alternate\" content=\"en_US\" \/>\n<meta property=\"og:type\" content=\"article\" \/>\n<meta property=\"og:title\" content=\"Cueva Rural La Perd\u00edz, Accesible . Alojamiento en Bardenas reales\" \/>\n<meta property=\"og:description\" content=\"La Perd\u00edz es nuestra cueva mas accesible, un alojamiento \u00fanico excavado en la roca desde el que podr\u00e1s visitar el desierto de Bardenas\" \/>\n<meta property=\"og:url\" content=\"https:\/\/www.lasbardenas.com\/fr\/alojamiento-bardenas\/cueva-la-perdiz\/\" \/>\n<meta property=\"og:site_name\" content=\"Maisons Troglodytes des Bardenas\" \/>\n<meta property=\"article:publisher\" content=\"https:\/\/www.facebook.com\/bardeneras\" \/>\n<meta property=\"article:modified_time\" content=\"2026-05-17T16:00:50+00:00\" \/>\n<meta property=\"og:image\" content=\"https:\/\/www.lasbardenas.com\/wp-content\/uploads\/resized_2018_01-Exterior-cuevas-de-Valtierra-39.jpg\" \/>\n\t<meta property=\"og:image:width\" content=\"1980\" \/>\n\t<meta property=\"og:image:height\" content=\"1320\" \/>\n\t<meta property=\"og:image:type\" content=\"image\/jpeg\" \/>\n<meta name=\"twitter:card\" content=\"summary_large_image\" \/>\n<meta name=\"twitter:site\" content=\"@lasbardenas\" \/>\n<meta name=\"twitter:label1\" content=\"Dur\u00e9e de lecture estim\u00e9e\" \/>\n\t<meta name=\"twitter:data1\" content=\"1 minute\" \/>\n<script type=\"application\/ld+json\" class=\"yoast-schema-graph\">{\"@context\":\"https:\\\/\\\/schema.org\",\"@graph\":[{\"@type\":\"WebPage\",\"@id\":\"https:\\\/\\\/www.lasbardenas.com\\\/fr\\\/alojamiento-bardenas\\\/cueva-la-perdiz\\\/\",\"url\":\"https:\\\/\\\/www.lasbardenas.com\\\/fr\\\/alojamiento-bardenas\\\/cueva-la-perdiz\\\/\",\"name\":\"Cueva Rural La Perd\u00edz, Accesible . Alojamiento en Bardenas reales\",\"isPartOf\":{\"@id\":\"https:\\\/\\\/www.lasbardenas.com\\\/#website\"},\"primaryImageOfPage\":{\"@id\":\"https:\\\/\\\/www.lasbardenas.com\\\/fr\\\/alojamiento-bardenas\\\/cueva-la-perdiz\\\/#primaryimage\"},\"image\":{\"@id\":\"https:\\\/\\\/www.lasbardenas.com\\\/fr\\\/alojamiento-bardenas\\\/cueva-la-perdiz\\\/#primaryimage\"},\"thumbnailUrl\":\"https:\\\/\\\/www.lasbardenas.com\\\/wp-content\\\/uploads\\\/resized_2018_01-Exterior-cuevas-de-Valtierra-39.jpg\",\"datePublished\":\"2018-02-28T11:17:38+00:00\",\"dateModified\":\"2026-05-17T16:00:50+00:00\",\"description\":\"La Perd\u00edz es nuestra cueva mas accesible, un alojamiento \u00fanico excavado en la roca desde el que podr\u00e1s visitar el desierto de Bardenas\",\"breadcrumb\":{\"@id\":\"https:\\\/\\\/www.lasbardenas.com\\\/fr\\\/alojamiento-bardenas\\\/cueva-la-perdiz\\\/#breadcrumb\"},\"inLanguage\":\"fr-FR\",\"potentialAction\":[{\"@type\":\"ReadAction\",\"target\":[\"https:\\\/\\\/www.lasbardenas.com\\\/fr\\\/alojamiento-bardenas\\\/cueva-la-perdiz\\\/\"]}]},{\"@type\":\"ImageObject\",\"inLanguage\":\"fr-FR\",\"@id\":\"https:\\\/\\\/www.lasbardenas.com\\\/fr\\\/alojamiento-bardenas\\\/cueva-la-perdiz\\\/#primaryimage\",\"url\":\"https:\\\/\\\/www.lasbardenas.com\\\/wp-content\\\/uploads\\\/resized_2018_01-Exterior-cuevas-de-Valtierra-39.jpg\",\"contentUrl\":\"https:\\\/\\\/www.lasbardenas.com\\\/wp-content\\\/uploads\\\/resized_2018_01-Exterior-cuevas-de-Valtierra-39.jpg\",\"width\":1980,\"height\":1320},{\"@type\":\"BreadcrumbList\",\"@id\":\"https:\\\/\\\/www.lasbardenas.com\\\/fr\\\/alojamiento-bardenas\\\/cueva-la-perdiz\\\/#breadcrumb\",\"itemListElement\":[{\"@type\":\"ListItem\",\"position\":1,\"name\":\"Inicio\",\"item\":\"https:\\\/\\\/www.lasbardenas.com\\\/es\\\/\"},{\"@type\":\"ListItem\",\"position\":2,\"name\":\"Maisons Troglodytes des bardenas\",\"item\":\"https:\\\/\\\/www.lasbardenas.com\\\/fr\\\/alojamiento-bardenas\\\/\"},{\"@type\":\"ListItem\",\"position\":3,\"name\":\"La Perdiz Cave House (PMR)\"}]},{\"@type\":\"WebSite\",\"@id\":\"https:\\\/\\\/www.lasbardenas.com\\\/#website\",\"url\":\"https:\\\/\\\/www.lasbardenas.com\\\/\",\"name\":\"Maisons Troglodytes des Bardenas\",\"description\":\"Maisons Troglodytes \u00e0 Louer\",\"publisher\":{\"@id\":\"https:\\\/\\\/www.lasbardenas.com\\\/#organization\"},\"potentialAction\":[{\"@type\":\"SearchAction\",\"target\":{\"@type\":\"EntryPoint\",\"urlTemplate\":\"https:\\\/\\\/www.lasbardenas.com\\\/?s={search_term_string}\"},\"query-input\":{\"@type\":\"PropertyValueSpecification\",\"valueRequired\":true,\"valueName\":\"search_term_string\"}}],\"inLanguage\":\"fr-FR\"},{\"@type\":\"Organization\",\"@id\":\"https:\\\/\\\/www.lasbardenas.com\\\/#organization\",\"name\":\"Maisons Troglodytes des Bardenas\",\"url\":\"https:\\\/\\\/www.lasbardenas.com\\\/\",\"logo\":{\"@type\":\"ImageObject\",\"inLanguage\":\"fr-FR\",\"@id\":\"https:\\\/\\\/www.lasbardenas.com\\\/#\\\/schema\\\/logo\\\/image\\\/\",\"url\":\"https:\\\/\\\/www.lasbardenas.com\\\/wp-content\\\/uploads\\\/cropped-cropped-ChatGPT-Image-25-mar-2026-17_53_53-1-e1774457788358.png\",\"contentUrl\":\"https:\\\/\\\/www.lasbardenas.com\\\/wp-content\\\/uploads\\\/cropped-cropped-ChatGPT-Image-25-mar-2026-17_53_53-1-e1774457788358.png\",\"width\":300,\"height\":88,\"caption\":\"Maisons Troglodytes des Bardenas\"},\"image\":{\"@id\":\"https:\\\/\\\/www.lasbardenas.com\\\/#\\\/schema\\\/logo\\\/image\\\/\"},\"sameAs\":[\"https:\\\/\\\/www.facebook.com\\\/bardeneras\",\"https:\\\/\\\/x.com\\\/lasbardenas\",\"https:\\\/\\\/www.instagram.com\\\/cuevasruralesbardenas\"]}]}<\/script>\n<!-- \/ Yoast SEO plugin. -->","yoast_head_json":{"title":"Cueva Rural La Perd\u00edz, Accesible . Alojamiento en Bardenas reales","description":"La Perd\u00edz es nuestra cueva mas accesible, un alojamiento \u00fanico excavado en la roca desde el que podr\u00e1s visitar el desierto de Bardenas","robots":{"index":"index","follow":"follow","max-snippet":"max-snippet:-1","max-image-preview":"max-image-preview:large","max-video-preview":"max-video-preview:-1"},"canonical":"https:\/\/www.lasbardenas.com\/fr\/wp-json\/wp\/v2\/pages\/114","og_locale":"fr_FR","og_type":"article","og_title":"[:es]Cueva Rural La Perd\u00edz, Accesible . Alojamiento en Bardenas reales[:]","og_description":"[:es]La Perd\u00edz es nuestra cueva mas accesible, un alojamiento \u00fanico excavado en la roca desde el que podr\u00e1s visitar el desierto de Bardenas[:]","og_url":"https:\/\/www.lasbardenas.com\/fr\/alojamiento-bardenas\/cueva-la-perdiz\/","og_site_name":"Maisons Troglodytes des Bardenas","article_publisher":"https:\/\/www.facebook.com\/bardeneras","article_modified_time":"2026-05-17T16:00:50+00:00","og_image":[{"width":1980,"height":1320,"url":"https:\/\/www.lasbardenas.com\/wp-content\/uploads\/resized_2018_01-Exterior-cuevas-de-Valtierra-39.jpg","type":"image\/jpeg"}],"twitter_card":"summary_large_image","twitter_site":"@lasbardenas","twitter_misc":{"Dur\u00e9e de lecture estim\u00e9e":"1 minute"},"schema":{"@context":"https:\/\/schema.org","@graph":[{"@type":"WebPage","@id":"https:\/\/www.lasbardenas.com\/fr\/alojamiento-bardenas\/cueva-la-perdiz\/","url":"https:\/\/www.lasbardenas.com\/fr\/alojamiento-bardenas\/cueva-la-perdiz\/","name":"Cueva Rural La Perd\u00edz, Accesible . Alojamiento en Bardenas reales","isPartOf":{"@id":"https:\/\/www.lasbardenas.com\/#website"},"primaryImageOfPage":{"@id":"https:\/\/www.lasbardenas.com\/fr\/alojamiento-bardenas\/cueva-la-perdiz\/#primaryimage"},"image":{"@id":"https:\/\/www.lasbardenas.com\/fr\/alojamiento-bardenas\/cueva-la-perdiz\/#primaryimage"},"thumbnailUrl":"https:\/\/www.lasbardenas.com\/wp-content\/uploads\/resized_2018_01-Exterior-cuevas-de-Valtierra-39.jpg","datePublished":"2018-02-28T11:17:38+00:00","dateModified":"2026-05-17T16:00:50+00:00","description":"La Perd\u00edz es nuestra cueva mas accesible, un alojamiento \u00fanico excavado en la roca desde el que podr\u00e1s visitar el desierto de Bardenas","breadcrumb":{"@id":"https:\/\/www.lasbardenas.com\/fr\/alojamiento-bardenas\/cueva-la-perdiz\/#breadcrumb"},"inLanguage":"fr-FR","potentialAction":[{"@type":"ReadAction","target":["https:\/\/www.lasbardenas.com\/fr\/alojamiento-bardenas\/cueva-la-perdiz\/"]}]},{"@type":"ImageObject","inLanguage":"fr-FR","@id":"https:\/\/www.lasbardenas.com\/fr\/alojamiento-bardenas\/cueva-la-perdiz\/#primaryimage","url":"https:\/\/www.lasbardenas.com\/wp-content\/uploads\/resized_2018_01-Exterior-cuevas-de-Valtierra-39.jpg","contentUrl":"https:\/\/www.lasbardenas.com\/wp-content\/uploads\/resized_2018_01-Exterior-cuevas-de-Valtierra-39.jpg","width":1980,"height":1320},{"@type":"BreadcrumbList","@id":"https:\/\/www.lasbardenas.com\/fr\/alojamiento-bardenas\/cueva-la-perdiz\/#breadcrumb","itemListElement":[{"@type":"ListItem","position":1,"name":"Inicio","item":"https:\/\/www.lasbardenas.com\/es\/"},{"@type":"ListItem","position":2,"name":"Maisons Troglodytes des bardenas","item":"https:\/\/www.lasbardenas.com\/fr\/alojamiento-bardenas\/"},{"@type":"ListItem","position":3,"name":"La Perdiz Cave House (PMR)"}]},{"@type":"WebSite","@id":"https:\/\/www.lasbardenas.com\/#website","url":"https:\/\/www.lasbardenas.com\/","name":"Maisons Troglodytes des Bardenas","description":"Maisons Troglodytes \u00e0 Louer","publisher":{"@id":"https:\/\/www.lasbardenas.com\/#organization"},"potentialAction":[{"@type":"SearchAction","target":{"@type":"EntryPoint","urlTemplate":"https:\/\/www.lasbardenas.com\/?s={search_term_string}"},"query-input":{"@type":"PropertyValueSpecification","valueRequired":true,"valueName":"search_term_string"}}],"inLanguage":"fr-FR"},{"@type":"Organization","@id":"https:\/\/www.lasbardenas.com\/#organization","name":"Maisons Troglodytes des Bardenas","url":"https:\/\/www.lasbardenas.com\/","logo":{"@type":"ImageObject","inLanguage":"fr-FR","@id":"https:\/\/www.lasbardenas.com\/#\/schema\/logo\/image\/","url":"https:\/\/www.lasbardenas.com\/wp-content\/uploads\/cropped-cropped-ChatGPT-Image-25-mar-2026-17_53_53-1-e1774457788358.png","contentUrl":"https:\/\/www.lasbardenas.com\/wp-content\/uploads\/cropped-cropped-ChatGPT-Image-25-mar-2026-17_53_53-1-e1774457788358.png","width":300,"height":88,"caption":"Maisons Troglodytes des Bardenas"},"image":{"@id":"https:\/\/www.lasbardenas.com\/#\/schema\/logo\/image\/"},"sameAs":["https:\/\/www.facebook.com\/bardeneras","https:\/\/x.com\/lasbardenas","https:\/\/www.instagram.com\/cuevasruralesbardenas"]}]}},"_links":{"self":[{"href":"https:\/\/www.lasbardenas.com\/fr\/wp-json\/wp\/v2\/pages\/114","targetHints":{"allow":["GET"]}}],"collection":[{"href":"https:\/\/www.lasbardenas.com\/fr\/wp-json\/wp\/v2\/pages"}],"about":[{"href":"https:\/\/www.lasbardenas.com\/fr\/wp-json\/wp\/v2\/types\/page"}],"author":[{"embeddable":true,"href":"https:\/\/www.lasbardenas.com\/fr\/wp-json\/wp\/v2\/users\/1"}],"replies":[{"embeddable":true,"href":"https:\/\/www.lasbardenas.com\/fr\/wp-json\/wp\/v2\/comments?post=114"}],"version-history":[{"count":8,"href":"https:\/\/www.lasbardenas.com\/fr\/wp-json\/wp\/v2\/pages\/114\/revisions"}],"predecessor-version":[{"id":4038,"href":"https:\/\/www.lasbardenas.com\/fr\/wp-json\/wp\/v2\/pages\/114\/revisions\/4038"}],"up":[{"embeddable":true,"href":"https:\/\/www.lasbardenas.com\/fr\/wp-json\/wp\/v2\/pages\/74"}],"wp:featuredmedia":[{"embeddable":true,"href":"https:\/\/www.lasbardenas.com\/fr\/wp-json\/wp\/v2\/media\/1247"}],"wp:attachment":[{"href":"https:\/\/www.lasbardenas.com\/fr\/wp-json\/wp\/v2\/media?parent=114"}],"curies":[{"name":"wp","href":"https:\/\/api.w.org\/{rel}","templated":true}]}}